{"id":277,"date":"2017-07-05T22:11:19","date_gmt":"2017-07-06T02:11:19","guid":{"rendered":"https:\/\/savalfg.cl\/2017\/?page_id=277"},"modified":"2022-12-29T09:28:12","modified_gmt":"2022-12-29T12:28:12","slug":"socios","status":"publish","type":"page","link":"https:\/\/savalfg.cl\/2017\/socios\/","title":{"rendered":"Socios"},"content":{"rendered":"\t\t<div data-elementor-type=\"wp-page\" data-elementor-id=\"277\" class=\"elementor elementor-277\">\n\t\t\t\t\t\t\t\t\t<section class=\"elementor-section elementor-top-section elementor-element elementor-element-17182f6 elementor-section-boxed elementor-section-height-default elementor-section-height-default\" data-id=\"17182f6\" data-element_type=\"section\">\n\t\t\t\t\t\t<div class=\"elementor-container elementor-column-gap-default\">\n\t\t\t\t\t<div class=\"elementor-column elementor-col-100 elementor-top-column elementor-element elementor-element-bfa1a2d\" data-id=\"bfa1a2d\" data-element_type=\"column\">\n\t\t\t<div class=\"elementor-widget-wrap elementor-element-populated\">\n\t\t\t\t\t\t\t\t<div class=\"elementor-element elementor-element-8dd2c71 elementor-widget elementor-widget-heading\" data-id=\"8dd2c71\" data-element_type=\"widget\" data-widget_type=\"heading.default\">\n\t\t\t\t<div class=\"elementor-widget-container\">\n\t\t\t<style>\/*! elementor - v3.9.1 - 14-12-2022 *\/\n.elementor-heading-title{padding:0;margin:0;line-height:1}.elementor-widget-heading .elementor-heading-title[class*=elementor-size-]>a{color:inherit;font-size:inherit;line-height:inherit}.elementor-widget-heading .elementor-heading-title.elementor-size-small{font-size:15px}.elementor-widget-heading .elementor-heading-title.elementor-size-medium{font-size:19px}.elementor-widget-heading .elementor-heading-title.elementor-size-large{font-size:29px}.elementor-widget-heading .elementor-heading-title.elementor-size-xl{font-size:39px}.elementor-widget-heading .elementor-heading-title.elementor-size-xxl{font-size:59px}<\/style><h2 class=\"elementor-heading-title elementor-size-default\">REQUISITOS PARA SER SOCIO DE SAVAL F.G.<\/h2>\t\t<\/div>\n\t\t\t\t<\/div>\n\t\t\t\t<section class=\"elementor-section elementor-inner-section elementor-element elementor-element-d416ee2 elementor-section-boxed elementor-section-height-default elementor-section-height-default\" data-id=\"d416ee2\" data-element_type=\"section\">\n\t\t\t\t\t\t<div class=\"elementor-container elementor-column-gap-default\">\n\t\t\t\t\t<div class=\"elementor-column elementor-col-50 elementor-inner-column elementor-element elementor-element-8d5a6d2\" data-id=\"8d5a6d2\" data-element_type=\"column\">\n\t\t\t<div class=\"elementor-widget-wrap elementor-element-populated\">\n\t\t\t\t\t\t\t\t<div class=\"elementor-element elementor-element-dadcdcf elementor-invisible elementor-widget elementor-widget-text-editor\" data-id=\"dadcdcf\" data-element_type=\"widget\" data-settings=\"{&quot;_animation&quot;:&quot;slideInLeft&quot;,&quot;_animation_delay&quot;:2000}\" data-widget_type=\"text-editor.default\">\n\t\t\t\t<div class=\"elementor-widget-container\">\n\t\t\t<style>\/*! elementor - v3.9.1 - 14-12-2022 *\/\n.elementor-widget-text-editor.elementor-drop-cap-view-stacked .elementor-drop-cap{background-color:#818a91;color:#fff}.elementor-widget-text-editor.elementor-drop-cap-view-framed .elementor-drop-cap{color:#818a91;border:3px solid;background-color:transparent}.elementor-widget-text-editor:not(.elementor-drop-cap-view-default) .elementor-drop-cap{margin-top:8px}.elementor-widget-text-editor:not(.elementor-drop-cap-view-default) .elementor-drop-cap-letter{width:1em;height:1em}.elementor-widget-text-editor .elementor-drop-cap{float:left;text-align:center;line-height:1;font-size:50px}.elementor-widget-text-editor .elementor-drop-cap-letter{display:inline-block}<\/style>\t\t\t\t<p><span style=\"font-size: large;\">PODR\u00c1N SER SOCIOS:<\/span><\/p><p><span style=\"font-size: large;\"><strong>1.<\/strong> Asociaciones gremiales comunales de Productores Agr\u00edcolas y Asociaciones gremiales de Productores Agr\u00edcolas por rubros.<\/span><\/p><p><span style=\"font-size: large;\"><strong> 2.<\/strong> Personas naturales o jur\u00eddicas que exploten predios agr\u00edcolas en calidad de propietarias, arrendatarias, o usufructuarias.<\/span><\/p><p><span style=\"font-size: large;\"><strong> 3.<\/strong> Personas naturales o jur\u00eddicas que produzcan, comercialicen o distribuyan bienes y\/o servicios destinados al sector agr\u00edcola.<\/span><\/p><p><span style=\"font-size: large;\"><strong> 4.<\/strong> Personas naturales o jur\u00eddicas que se dediquen a prestar accesoria profesional o t\u00e9cnica al sector productor agr\u00edcola.<\/span><\/p><p><span style=\"font-size: large;\"><strong> 5.<\/strong> Organismos o instituciones de Estudio, Cooperaci\u00f3n, Divulgaci\u00f3n, Ense\u00f1anza, y\/o Investigaci\u00f3n dirigidas o vinculadas al sector agropecuario.<\/span><\/p>\t\t\t\t\t\t<\/div>\n\t\t\t\t<\/div>\n\t\t\t\t\t<\/div>\n\t\t<\/div>\n\t\t\t\t<div class=\"elementor-column elementor-col-50 elementor-inner-column elementor-element elementor-element-851c24a\" data-id=\"851c24a\" data-element_type=\"column\">\n\t\t\t<div class=\"elementor-widget-wrap elementor-element-populated\">\n\t\t\t\t\t\t\t\t<div class=\"elementor-element elementor-element-35ad3eb elementor-view-default elementor-invisible elementor-widget elementor-widget-icon\" data-id=\"35ad3eb\" data-element_type=\"widget\" data-settings=\"{&quot;_animation&quot;:&quot;slideInRight&quot;,&quot;_animation_delay&quot;:2000}\" data-widget_type=\"icon.default\">\n\t\t\t\t<div class=\"elementor-widget-container\">\n\t\t\t\t\t<div class=\"elementor-icon-wrapper\">\n\t\t\t<div class=\"elementor-icon\">\n\t\t\t<i aria-hidden=\"true\" class=\"fas fa-handshake\"><\/i>\t\t\t<\/div>\n\t\t<\/div>\n\t\t\t\t<\/div>\n\t\t\t\t<\/div>\n\t\t\t\t\t<\/div>\n\t\t<\/div>\n\t\t\t\t\t\t\t<\/div>\n\t\t<\/section>\n\t\t\t\t\t<\/div>\n\t\t<\/div>\n\t\t\t\t\t\t\t<\/div>\n\t\t<\/section>\n\t\t\t\t\t\t\t<\/div>\n\t\t\n<div class=\"twitter-share\"><a href=\"https:\/\/twitter.com\/intent\/tweet?via=savalfg\" class=\"twitter-share-button\" data-size=\"large\">Twittear<\/a><\/div>\n","protected":false},"excerpt":{"rendered":"<p>REQUISITOS PARA SER SOCIO DE SAVAL F.G. PODR\u00c1N SER SOCIOS: 1. Asociaciones gremiales comunales de Productores Agr\u00edcolas y Asociaciones gremiales de Productores Agr\u00edcolas por rubros. 2. Personas naturales o jur\u00eddicas que exploten predios agr\u00edcolas en calidad de propietarias, arrendatarias, o usufructuarias. 3. Personas naturales o jur\u00eddicas que produzcan, comercialicen o distribuyan bienes y\/o servicios destinados al sector agr\u00edcola. 4. Personas naturales o jur\u00eddicas que se dediquen a prestar accesoria profesional o t\u00e9cnica al sector productor agr\u00edcola. 5. Organismos o instituciones de Estudio, Cooperaci\u00f3n, Divulgaci\u00f3n, Ense\u00f1anza, y\/o Investigaci\u00f3n dirigidas o vinculadas al sector agropecuario.<\/p>\n","protected":false},"author":7,"featured_media":0,"parent":0,"menu_order":0,"comment_status":"closed","ping_status":"closed","template":"elementor_header_footer","meta":{"disable_featured_image":false},"post_mailing_queue_ids":[],"_links":{"self":[{"href":"https:\/\/savalfg.cl\/2017\/wp-json\/wp\/v2\/pages\/277"}],"collection":[{"href":"https:\/\/savalfg.cl\/2017\/wp-json\/wp\/v2\/pages"}],"about":[{"href":"https:\/\/savalfg.cl\/2017\/wp-json\/wp\/v2\/types\/page"}],"author":[{"embeddable":true,"href":"https:\/\/savalfg.cl\/2017\/wp-json\/wp\/v2\/users\/7"}],"replies":[{"embeddable":true,"href":"https:\/\/savalfg.cl\/2017\/wp-json\/wp\/v2\/comments?post=277"}],"version-history":[{"count":21,"href":"https:\/\/savalfg.cl\/2017\/wp-json\/wp\/v2\/pages\/277\/revisions"}],"predecessor-version":[{"id":5213,"href":"https:\/\/savalfg.cl\/2017\/wp-json\/wp\/v2\/pages\/277\/revisions\/5213"}],"wp:attachment":[{"href":"https:\/\/savalfg.cl\/2017\/wp-json\/wp\/v2\/media?parent=277"}],"curies":[{"name":"wp","href":"https:\/\/api.w.org\/{rel}","templated":true}]}}